{"id":130,"date":"2022-06-17T08:00:28","date_gmt":"2022-06-17T08:00:28","guid":{"rendered":"http:\/\/wordpress.motivacio.hu\/wordpress\/?page_id=130"},"modified":"2022-06-17T08:00:28","modified_gmt":"2022-06-17T08:00:28","slug":"referencia-munkaink","status":"publish","type":"page","link":"https:\/\/motivacio.hu\/wordpress_G\/referencia-munkaink\/","title":{"rendered":"Referencia munk\u00e1ink"},"content":{"rendered":"\n<p><strong><u>1992 &#8211; 1993<\/u><\/strong> folyam\u00e1n Magyarorsz\u00e1gon els\u0151k\u00e9nt val\u00f3s\u00edtottunk meg komplex akad\u00e1lymentes\u00edt\u00e9si tev\u00e9kenys\u00e9get a <strong>\u201eNyitott V\u00e1ros Kalauz\u201d Akci\u00f3csoport<\/strong> keret\u00e9ben. Ennek sor\u00e1n l\u00e1t\u00e1s-, hall\u00e1s- \u00e9s mozg\u00e1ss\u00e9r\u00fclt szem\u00e9lyek, valamint fogyat\u00e9kos gyermeket nevel\u0151 sz\u00fcl\u0151k, \u00f6sszesen mintegy 160 f\u0151 bevon\u00e1s\u00e1val elv\u00e9gezt\u00fck t\u00f6bb mint 6000 f\u0151v\u00e1rosi objektum \u2013 els\u0151 sorban k\u00fcl\u00f6nb\u00f6z\u0151 funkci\u00f3j\u00fa k\u00f6zint\u00e9zm\u00e9ny \u00e9s egy\u00e9b szolg\u00e1ltat\u00f3k \u2013 felm\u00e9r\u00e9s\u00e9t \u00e9s min\u0151s\u00edt\u00e9s\u00e9t az akkor hat\u00e1lyos jogi szab\u00e1lyoz\u00e1s figyelembev\u00e9tel\u00e9vel az akad\u00e1lymentess\u00e9g szempontj\u00e1b\u00f3l. Tekintettel arra, hogy az eml\u00edtett id\u0151szakban, e tev\u00e9kenys\u00e9g haz\u00e1nkban m\u00e9g szinte ismeretlen volt, az elv\u00e9gzend\u0151 munk\u00e1hoz sz\u00fcks\u00e9ges teljes m\u00f3dszertant:<\/p>\n\n\n\n<ul class=\"wp-block-list\"><li>felm\u00e9r\u00e9si dokument\u00e1ci\u00f3t<\/li><li>a felm\u00e9r\u00e9s folyamat\u00e1t<\/li><li>a felm\u00e9rend\u0151 helysz\u00ednek kiv\u00e1laszt\u00e1s\u00e1t<\/li><li>a felm\u00e9r\u00e9s megval\u00f3s\u00edt\u00e1s\u00e1nak szervez\u00e9si feladatait<\/li><li>a felm\u00e9rt adatok gy\u0171jt\u00e9s\u00e9t<\/li><li>a felm\u00e9rt adatok feldolgoz\u00e1s\u00e1t<\/li><\/ul>\n\n\n\n<p>A feldolgozott adatok alapj\u00e1n az akad\u00e1lymentes k\u00f6rnyezeti el\u0151\u00edr\u00e1soknak megfelel\u0151 min\u0151s\u00edt\u00e9si rendszert ki kellett dolgoznunk a programba bevont szerepl\u0151kkel \u00e9s szakemberekkel egy\u00fcttm\u0171k\u00f6dve. Az ekkor kidolgozott modellt a mindenkori jogszab\u00e1lyi v\u00e1ltoz\u00e1sokat be\u00e9p\u00edtve a nemzetk\u00f6zi trendeket figyelem bev\u00e9ve folyamatos karbantartjuk, fejlesztj\u00fck \u00e9s haszn\u00e1ljuk mind a mai napig felm\u00e9r\u00e9seink, a feldolgoz\u00e1saink\u00a0 sor\u00e1n \u00e9s a min\u0151s\u00edt\u00e9si rendszer\u00fcnkben.<\/p>\n\n\n\n<p><strong><u>1995-<\/u><\/strong>ben az akad\u00e1lymentesen \u00e9p\u00edtett k\u00f6rnyezet t\u00e9mak\u00f6r\u00e9ben egy n\u00e9met nyelv\u0171 kiadv\u00e1ny ford\u00edt\u00e1sak\u00e9nt megjelentett\u00fck az <strong>\u201eAj\u00e1nlatok Kereskedelmi Egys\u00e9gek Bej\u00e1rat\u00e1nak \u00e9s Bels\u0151 Tereinek Kialak\u00edt\u00e1s\u00e1hoz\u201d<\/strong> c. m\u0171vet, mely haz\u00e1nkban az els\u0151 \u00e9s sok\u00e1ig egyetlen ilyen t\u00e9m\u00e1j\u00fa munka volt.<\/p>\n\n\n\n<p>Felm\u00e9r\u00e9si m\u00f3dszertanunkat ez id\u0151 alatt folyamatosan fejlesztett\u00fck \u00e9s hozz\u00e1igaz\u00edtottuk a jogi szab\u00e1lyoz\u00e1s v\u00e1ltoz\u00e1saihoz, \u00edgy \u2013 p\u00e9ld\u00e1ul \u2013 az OT\u00c9K. 1997. \u00e9vi elfogad\u00e1s\u00e1hoz.<\/p>\n\n\n\n<p>A jogi k\u00f6rnyezet \u00e9s a t\u00e1rsadalmi szeml\u00e9let fokozatos v\u00e1ltoz\u00e1s\u00e1nak k\u00f6sz\u00f6nhet\u0151en egyre t\u00f6bb felk\u00e9r\u00e9st kaptunk \u00e1llami \u00e9s \u00f6nkorm\u00e1nyzati szervekt\u0151l arra, hogy a kezel\u00e9s\u00fckben l\u00e9v\u0151 k\u00f6zhaszn\u00e1lat\u00fa \u00e9p\u00fcleteket m\u00e9rj\u00fck fel az akad\u00e1lymentess\u00e9g szempontj\u00e1b\u00f3l, valamint k\u00e9sz\u00edts\u00fcnk \u00edr\u00e1sos javaslatokat annak megval\u00f3s\u00edt\u00e1s\u00e1ra. E feladatoknak a k\u00fcl\u00f6nb\u00f6z\u0151 fogyat\u00e9koss\u00e1ggal \u00e9l\u0151 emberek \u00e9s felk\u00e9sz\u00fclt \u00e9p\u00edt\u00e9szm\u00e9rn\u00f6k szakemberek bevon\u00e1s\u00e1val magas sz\u00ednvonalon tett\u00fcnk eleget.<\/p>\n\n\n\n<p><strong><u>1998-<\/u><\/strong>ban k\u00f6zrem\u0171k\u00f6d\u00e9s\u00fcnkkel k\u00e9sz\u00fclt el az <strong>\u201eAkad\u00e1lymentes K\u00f6rnyezet \u00c9p\u00edt\u00e9szeti Tervez\u00e9si Seg\u00e9dlet\u201d <\/strong>CD-rom, mely \u00fatt\u00f6r\u0151 jelleg\u0171 kiadv\u00e1nyk\u00e9nt seg\u00edtette a szakembereket abban, hogy az akad\u00e1lymentess\u00e9g el\u0151\u00edr\u00e1sai alapj\u00e1n val\u00f3s\u00edts\u00e1k meg &#8211; a fogyat\u00e9kos emberek sz\u00fcks\u00e9gleteinek figyelembe v\u00e9tel\u00e9vel \u2013 a szakszer\u0171 tervez\u00e9st.<\/p>\n\n\n\n<p><strong><u>2000-<\/u><\/strong>ben j\u00e1rt le az els\u0151 &#8211; olyan jogszab\u00e1lyba foglalt \u2013 hat\u00e1rid\u0151, mely a m\u00e1r m\u0171k\u00f6d\u0151 k\u00f6zint\u00e9zm\u00e9nyek akad\u00e1lymentes\u00edt\u00e9s\u00e9re vonatkozott. Az oktat\u00e1s\u00e9rt \u00e9s kult\u00far\u00e1\u00e9rt felel\u0151s t\u00e1rca p\u00e1ly\u00e1zatot \u00edrt ki e tev\u00e9kenys\u00e9gek t\u00e1mogat\u00e1s\u00e1ra, s e p\u00e1ly\u00e1zatok befogad\u00e1s\u00e1nak felt\u00e9tele volt, hogy azok megfelel\u0151s\u00e9g\u00e9t Alap\u00edtv\u00e1nyunk tan\u00fas\u00edtsa. Sz\u00e1mos int\u00e9zm\u00e9ny terveit vizsg\u00e1ltuk \u00e1t \u00e9s tekintett\u00fck meg korrekt javaslat \u00e9rdek\u00e9ben, p\u00e9ld\u00e1ul Jogi Egyetem, Vend\u00e9gl\u00e1t\u00f3ipari F\u0151iskola, N\u00e9prajzi M\u00fazeum, F\u00fcz\u00e9rradv\u00e1nyi Kast\u00e9ly, stb.<\/p>\n\n\n\n<p>Ugyanebben az \u00e9vben a <strong>Fogyat\u00e9kosok Es\u00e9lye K\u00f6zalap\u00edtv\u00e1ny<\/strong> akad\u00e1lymentes\u00edt\u00e9si c\u00e9l\u00fa felm\u00e9r\u00e9sek dokument\u00e1ci\u00f3j\u00e1nak kidolgoz\u00e1s\u00e1ra \u00e9s egy r\u00e9szmint\u00e1n t\u00f6rt\u00e9n\u0151 bemutat\u00e1s\u00e1ra ir\u00e1nyul\u00f3 p\u00e1ly\u00e1zatot \u00edrt ki, melyre az eg\u00e9sz orsz\u00e1g ter\u00fclet\u00e9r\u0151l \u00f6sszesen k\u00e9t p\u00e1ly\u00e1zat \u00e9rkezett. <em>A Ki\u00edr\u00f3 a Motiv\u00e1ci\u00f3 Alap\u00edtv\u00e1ny \u00e1ltal beny\u00fajtott p\u00e1ly\u00e1zatot tartotta&nbsp; egyed\u00fcl t\u00e1mogat\u00e1sra \u00e9rdemesnek.<\/em><\/p>\n\n\n\n<p><strong><u>2001<\/u><\/strong>-ben a <strong>Sportf\u00f3li\u00f3 Kht.<\/strong> megb\u00edz\u00e1s\u00e1b\u00f3l a Kht. kezel\u00e9s\u00e9ben l\u00e9v\u0151 sportl\u00e9tes\u00edtm\u00e9nyek felm\u00e9r\u00e9s\u00e9t v\u00e9gezt\u00fck el, melybe&nbsp; beletartozott&nbsp; t\u00f6bbek k\u00f6z\u00f6tt a N\u00e9pstadion \u00e9s Int\u00e9zm\u00e9nyeit\u0151l kezdve eg\u00e9szen a v\u00edzi sportl\u00e9tes\u00edtm\u00e9nyekig bez\u00e1r\u00f3lag t\u00f6bb sz\u00e1z objektum.<\/p>\n\n\n\n<p><em><u>Az els\u0151 ny\u00edltv\u00edzi beemel\u0151 szerkezet \u00e9s k\u00f6rnyezet\u00e9nek kialak\u00edt\u00e1sa (Si\u00f3fok) az Alap\u00edtv\u00e1nyon kereszt\u00fcl, a vele egy\u00fcttm\u0171k\u00f6d\u0151 \u00e9p\u00edt\u00e9sz tervei \u00e9s kivitelez\u00e9se alapj\u00e1n val\u00f3sult meg.<\/u><\/em><\/p>\n\n\n\n<p>Sz\u00e9chenyi Terv keret\u00e9n bel\u00fcl ker\u00fclt t\u00e1mogat\u00e1sra a <strong>\u201eBudapesti \u00datikalauz S\u00e9r\u00fclt Embereknek\u201d<\/strong> c. kiadv\u00e1nyunk, mely t\u00f6bb mint 1000 k\u00f6zhaszn\u00e1lat\u00fa \u00e9p\u00fclet vizsg\u00e1lat\u00e1t tartalmazza az akad\u00e1lymentess\u00e9g szempontj\u00e1b\u00f3l.<\/p>\n\n\n\n<p>A Kiadv\u00e1ny \u00fatt\u00f6r\u0151 jelent\u0151s\u00e9ggel b\u00edr abb\u00f3l a szempontb\u00f3l, hogy els\u0151k\u00e9nt alkalmazott sz\u00ednk\u00f3d rendszert az akad\u00e1lymentess\u00e9g meghat\u00e1roz\u00e1s\u00e1ra<em>.<u> A Kiadv\u00e1ny sz\u00ednes lapok \u00e1ltal azonnal \u00e9rz\u00e9kelhet\u0151v\u00e9 tette az ar\u00e1nytalans\u00e1gokat, az akad\u00e1lymentes (k\u00e9k), a r\u00e9szbeni akad\u00e1lymentes (narancss\u00e1rga) \u00e9s a nem akad\u00e1lymentes (piros) vizsg\u00e1lt \u00e9s min\u0151s\u00edtett objektumok k\u00f6z\u00f6tt.<\/u><\/em><\/p>\n\n\n\n<p><strong><u>2003<\/u><\/strong>-ban jelentett\u00fck meg <strong>\u201e\u00c9l\u0151 Otthon\u201d<\/strong> c\u00edm\u0171 kiadv\u00e1nyunkat, mely a fogyat\u00e9kos ember lak\u00f3k\u00f6rnyezet\u00e9nek akad\u00e1lymentes\u00edt\u00e9s\u00e9hez ad \u00f6tleteket. A k\u00f6nyv megjelen\u00e9s\u00e9nek idej\u00e9n kuri\u00f3zumnak sz\u00e1m\u00edtott, hogy r\u00e9szletesen foglalkozott nem csup\u00e1n a mozg\u00e1s, hanem a l\u00e1t\u00e1s, hall\u00e1s \u00e9s \u00e9rtelmi fogyat\u00e9kosok akad\u00e1lymentes\u00edt\u00e9si sz\u00fcks\u00e9gleteivel. A szakk\u00f6nyv nem csak a t\u00e9m\u00e1val foglalkoz\u00f3 szakembereknek, hanem a fogyat\u00e9kos embereknek \u00e9s a vel\u00fck kapcsolatban \u00e1ll\u00f3knak ny\u00fajtott seg\u00edts\u00e9get az egyenl\u0151 hozz\u00e1f\u00e9r\u00e9s megval\u00f3s\u00edt\u00e1s\u00e1hoz. <em><u>A k\u00f6nyv mell\u00e9klet\u00e9ben &#8211;\u00a0 a l\u00e1t\u00e1ss\u00e9r\u00fcltekre vonatkoz\u00f3 inform\u00e1ci\u00f3kat\u00a0 Braille-\u00edr\u00e1sban is &#8211; megjelentette. Ilyen megold\u00e1st Magyarorsz\u00e1gon ebben a k\u00f6nyvben ker\u00fclt els\u0151k\u00e9nt alkalmaz\u00e1sra. <\/u><\/em>\u00a0A kiadv\u00e1ny mell\u00e9klet\u00e9t k\u00e9pezte az a tev\u00e9kenys\u00e9glista, amely b\u00e1rkit hozz\u00e1seg\u00edthet a saj\u00e1t otthon\u00e1nak a felm\u00e9r\u00e9s\u00e9hez, a saj\u00e1t \u00e1llapot\u00e1nak, tev\u00e9kenys\u00e9g\u00e9nek figyelembev\u00e9tel\u00e9vel.<\/p>\n\n\n\n<p><strong><u>2004-2005<\/u><\/strong> \u00e9vekben a <strong>F\u0151v\u00e1rosi \u00d6nkorm\u00e1nyzat<\/strong> megb\u00edz\u00e1sa alapj\u00e1n 75 \u00f6nkorm\u00e1nyzati int\u00e9zm\u00e9ny teljes k\u00f6r\u0171 akad\u00e1lymentess\u00e9gi felm\u00e9r\u00e9s\u00e9t v\u00e9gezt\u00fck el, majd ennek alapj\u00e1n akad\u00e1lymentes\u00edt\u00e9si javaslattervet \u00e9s k\u00f6lts\u00e9gbecsl\u00e9st is k\u00e9sz\u00edtett\u00fcnk annak \u00e9rdek\u00e9ben, hogy az akad\u00e1lymentes\u00edt\u00e9si munk\u00e1k id\u0151beni \u00e9s p\u00e9nz\u00fcgyi \u00fctemez\u00e9se megval\u00f3sulhasson. Ezt a munk\u00e1t az Alap\u00edtv\u00e1nnyal egy\u00fcttm\u0171k\u00f6d\u0151, a t\u00e9m\u00e1ban j\u00e1rtas \u00e9p\u00edt\u00e9szm\u00e9rn\u00f6k\u00f6k&nbsp; \u00e9s kik\u00e9pzett felm\u00e9r\u0151k v\u00e9gezt\u00e9k.<\/p>\n\n\n\n<p><strong><u>2008<\/u><\/strong>-ban az <strong>EQUAL<\/strong> p\u00e1ly\u00e1zati program&nbsp; keret\u00e9ben k\u00e9t k\u00f6tetben kiadtuk az <strong>\u201e\u00c9l\u0151 Munkahely\u201d alc\u00edm: Hasznos ismeretek fogyat\u00e9kos emberek foglalkoztat\u00e1s\u00e1hoz <\/strong>&#8211; c\u00edm\u0171 k\u00f6nyvet, melynek m\u00e1sodik k\u00f6tete&nbsp; kimondottan a foglalkoztat\u00e1ssal \u00e9s az ahhoz sz\u00fcks\u00e9ges akad\u00e1lymentes k\u00f6rnyezeti ismeretekkel, felt\u00e9telekkel \u00e9s aj\u00e1nl\u00e1sokkal foglalkozik.<\/p>\n\n\n\n<p><strong><u>2007. \u00e9s 2009.<\/u><\/strong> k\u00f6z\u00f6tt a <strong>Leonardo Program<\/strong> keret\u00e9ben val\u00f3sult meg az <strong>\u201eAkad\u00e1lymentes Vil\u00e1got Mindenkinek\u201d<\/strong> c\u00edm\u0171 projekt, melynek sor\u00e1n a Budapesti M\u0171szaki Egyetemmel \u00e9s \u00f6t k\u00fclf\u00f6ldi m\u0171szaki egyetemmel (trentoi, dandalki, ljubjanai, kolozsv\u00e1ri) egy\u00fcttm\u0171k\u00f6dve DVD-n megjelen\u0151 interakt\u00edv oktat\u00e1si anyag elk\u00e9sz\u00edt\u00e9s\u00e9ben vett\u00fcnk r\u00e9szt, melyet a rehabilit\u00e1ci\u00f3s szakemberek k\u00e9pz\u00e9se sor\u00e1n jelenleg is haszn\u00e1lnak.<\/p>\n\n\n\n<p><strong><u>2009 &#8211; 2010<\/u><\/strong>-ben a turisztika ter\u00fclet\u00e9n val\u00f3s\u00edtottunk meg h\u00e1rom jelent\u0151s projektet az egyenl\u0151 hozz\u00e1f\u00e9r\u00e9s megval\u00f3s\u00edt\u00e1sa \u00e9rdek\u00e9ben:<\/p>\n\n\n\n<ul class=\"wp-block-list\"><li><em>\u00e9rz\u00e9keny\u00edt\u0151 tr\u00e9ninget<\/em> <em>tartottunk<\/em> turisztikai szolg\u00e1ltat\u00f3k sz\u00e1m\u00e1ra annak \u00e9rdek\u00e9ben, hogy munk\u00e1juk sor\u00e1n megfelel\u0151en viszonyuljanak a fogyat\u00e9kos emberekhez.<\/li><li><em>kutat\u00e1st v\u00e9gezt\u00fcnk<\/em> 1000 f\u0151s mintav\u00e9tellel, amelyben a fogyat\u00e9kos emberek elv\u00e1r\u00e1sait, sz\u00fcks\u00e9gleteit \u00e9s lehet\u0151s\u00e9geiket vizsg\u00e1ltuk a turizmussal kapcsolatban. A mintav\u00e9tel orsz\u00e1gosan, valamennyi fogyat\u00e9koss\u00e1gi csoport bevon\u00e1s\u00e1val val\u00f3s\u00edtottuk meg a legut\u00f3bbi n\u00e9psz\u00e1ml\u00e1l\u00e1s fogyat\u00e9kosokra vonatkoz\u00f3 megoszl\u00e1si ar\u00e1nya alapj\u00e1n. Az int\u00e9zm\u00e9nyben \u00e9l\u0151 autista \u00e9s \u00e9rtelmi fogyat\u00e9kos emberek turisztikai ig\u00e9nyeit f\u00f3kuszcsoportos m\u00f3dszerrel vizsg\u00e1ltuk.<\/li><li>ezen id\u0151szak alatt a <strong>\u201eMotility (Mozg\u00e1sk\u00e9pess\u00e9g) turisztikai adatb\u00e1zis fogyat\u00e9kos embereknek\u201d<\/strong> volt a legjelent\u0151sebb projekt\u00fcnk, melynek keret\u00e9ben a <strong>Magyar Turizmus Zrt.<\/strong> adatb\u00e1zis\u00e1ban szerepl\u0151 turisztikai objektumok vizsg\u00e1lat\u00e1t v\u00e9gezt\u00fck el. Az adatb\u00e1zisban olyan objektumok szerepeltek, melyek \u00fczemeltet\u0151i \u00f6nk\u00e9ntes bevall\u00e1ssal nyilatkoztak arr\u00f3l, hogy az objektum mennyiben akad\u00e1lymentes. A szakmai el\u0151\u00edr\u00e1sok ismeret\u00e9nek hi\u00e1nya miatt, azonban\u00a0 sz\u00e1mos megt\u00e9veszt\u0151 adat is beker\u00fclt az adatb\u00e1zisba.<\/li><\/ul>\n\n\n\n<p>Ennek korrig\u00e1l\u00e1sa \u00e9rdek\u00e9ben a <strong>Magyar Turizmus Zrt<\/strong>. kijel\u00f6lt 4000 olyan objektumot (sz\u00e1llod\u00e1k, \u00e9ttermek, l\u00e1tv\u00e1nyoss\u00e1gok stb.) amelyek turisztikai szempontb\u00f3l kiemelt jelent\u0151s\u00e9ggel b\u00edrnak. Ezeket az objektumokat az Alap\u00edtv\u00e1ny szellemi term\u00e9kek\u00e9nt l\u00e9trehozott m\u00f3dszertan tov\u00e1bbfejleszt\u00e9s\u00e9vel m\u00e9rt\u00e9k fel a programba bevont \u2013 el\u0151zetesen felk\u00e9sz\u00edtett \u2013 felm\u00e9r\u0151k. Ehhez a programhoz aktualiz\u00e1ltuk a<\/p>\n\n\n\n<ul class=\"wp-block-list\"><li> felm\u00e9r\u00e9si dokument\u00e1ci\u00f3t<\/li><li>a felm\u00e9r\u00e9s folyamat\u00e1t<\/li><li>a felm\u00e9rend\u0151 helysz\u00ednek kiv\u00e1laszt\u00e1s\u00e1t<\/li><li>a felm\u00e9r\u00e9s megval\u00f3s\u00edt\u00e1s\u00e1nak szervez\u00e9si feladatokat<\/li><li>a felm\u00e9rt adatok gy\u0171jt\u00e9s\u00e9t \u00e9s tov\u00e1bb\u00edt\u00e1s\u00e1t<\/li><li>a felm\u00e9rt adatok feldolgoz\u00e1s\u00e1t<\/li><li>a feldolgozott adatok alapj\u00e1n az akad\u00e1lymentes k\u00f6rnyezeti el\u0151\u00edr\u00e1soknak megfelel\u0151 min\u0151s\u00edt\u00e9si rendszert.<\/li><\/ul>\n\n\n\n<p><strong><u>2011<\/u><\/strong>-ben, az akkor m\u00e9g m\u0171k\u00f6d\u0151 <strong>Banko Popolare Bank<\/strong> k\u00e9rte az Akad\u00e9mia utcai kirendelts\u00e9g\u00e9nek teljes k\u00f6r\u0171 akad\u00e1lymentes\u00edt\u00e9s\u00e9nek vizsg\u00e1lat\u00e1t k\u00e9rte, melynek eredm\u00e9nyek\u00e9nt javaslatunkra akad\u00e1lymentes WC-t is kialak\u00edtottak, mobil r\u00e1mp\u00e1val l\u00e1tt\u00e1k el a bej\u00e1ratot.<\/p>\n\n\n\n<p>A <strong>Budapesti M\u0171vel\u0151d\u00e9si K\u00f6zpont<\/strong> (BMK) teljes k\u00f6r\u0171 akad\u00e1lymentes\u00edt\u00e9si felm\u00e9r\u00e9s\u00e9t v\u00e9gezt\u00fck el \u00e9s k\u00e9sz\u00edtett\u00fcnk javaslattervet a megval\u00f3s\u00edt\u00e1sra. A BMK-val az egy\u00fcttm\u0171k\u00f6d\u00e9s\u00fcnk&nbsp;&gt;&nbsp;eredm\u00e9nyek\u00e9nt k\u00e9sz\u00fclt el a <strong>KORL\u00c1T c\u00edm\u0171 DVD<\/strong>-j\u00fck \u00e9s Nagy Bendeg\u00faz \u00e9p\u00edt\u00e9sz, rehabilit\u00e1ci\u00f3s szakm\u00e9rn\u00f6k bevon\u00e1s\u00e1val a H\u0171v\u00f6sv\u00f6lgyi Nagyr\u00e9ten az els\u0151 akad\u00e1lymentes s\u00e9ta\u00fat.<\/p>\n\n\n\n<p>Az \u00c9szak<strong>-magyarorsz\u00e1gi Munka\u00fcgyi K\u00f6zpont<\/strong> Eur\u00f3pa Uni\u00f3s p\u00e1ly\u00e1zat\u00e1nak keret\u00e9ben a ter\u00fclet\u00fck\u00f6n m\u0171k\u00f6d\u0151 \u00f6sszes munka\u00fcgyi kirendelts\u00e9get (BAZ, Heves, N\u00f3gr\u00e1d megye) akad\u00e1lymentes\u00edt\u00e9si felm\u00e9r\u00e9s\u00e9vel \u00e9s tervez\u00e9s\u00e9vel b\u00edzta meg Zalabai P\u00e9tern\u00e9 rehabilit\u00e1ci\u00f3s k\u00f6rnyezettervez\u0151 szak\u00e9rt\u0151t. 10 kirendelts\u00e9g p\u00e1ly\u00e1zata nyerte meg, ezekn\u00e9l a kivitelez\u00e9s nyomon k\u00f6vet\u00e9se is feladat\u00e1nak r\u00e9sze volt. A p\u00e1ly\u00e1zat sikeresen z\u00e1rt, hib\u00e1tlanul val\u00f3sult meg az akad\u00e1lymentes\u00edt\u00e9s.<br><\/p>\n","protected":false},"excerpt":{"rendered":"<p>1992 &#8211; 1993 folyam\u00e1n Magyarorsz\u00e1gon els\u0151k\u00e9nt val\u00f3s\u00edtottunk meg komplex akad\u00e1lymentes\u00edt\u00e9si tev\u00e9kenys\u00e9get a \u201eNyitott V\u00e1ros Kalauz\u201d Akci\u00f3csoport keret\u00e9ben. Ennek sor\u00e1n l\u00e1t\u00e1s-, hall\u00e1s- \u00e9s mozg\u00e1ss\u00e9r\u00fclt szem\u00e9lyek, valamint fogyat\u00e9kos gyermeket nevel\u0151 sz\u00fcl\u0151k, \u00f6sszesen mintegy 160 f\u0151 bevon\u00e1s\u00e1val elv\u00e9gezt\u00fck t\u00f6bb mint 6000 f\u0151v\u00e1rosi objektum \u2013 els\u0151 sorban k\u00fcl\u00f6nb\u00f6z\u0151 funkci\u00f3j\u00fa k\u00f6zint\u00e9zm\u00e9ny \u00e9s egy\u00e9b szolg\u00e1ltat\u00f3k \u2013 felm\u00e9r\u00e9s\u00e9t \u00e9s min\u0151s\u00edt\u00e9s\u00e9t az akkor [&hellip;]<\/p>\n","protected":false},"author":1,"featured_media":0,"parent":0,"menu_order":0,"comment_status":"closed","ping_status":"closed","template":"","meta":{"footnotes":""},"class_list":["post-130","page","type-page","status-publish","hentry"],"_links":{"self":[{"href":"https:\/\/motivacio.hu\/wordpress_G\/wp-json\/wp\/v2\/pages\/130","targetHints":{"allow":["GET"]}}],"collection":[{"href":"https:\/\/motivacio.hu\/wordpress_G\/wp-json\/wp\/v2\/pages"}],"about":[{"href":"https:\/\/motivacio.hu\/wordpress_G\/wp-json\/wp\/v2\/types\/page"}],"author":[{"embeddable":true,"href":"https:\/\/motivacio.hu\/wordpress_G\/wp-json\/wp\/v2\/users\/1"}],"replies":[{"embeddable":true,"href":"https:\/\/motivacio.hu\/wordpress_G\/wp-json\/wp\/v2\/comments?post=130"}],"version-history":[{"count":0,"href":"https:\/\/motivacio.hu\/wordpress_G\/wp-json\/wp\/v2\/pages\/130\/revisions"}],"wp:attachment":[{"href":"https:\/\/motivacio.hu\/wordpress_G\/wp-json\/wp\/v2\/media?parent=130"}],"curies":[{"name":"wp","href":"https:\/\/api.w.org\/{rel}","templated":true}]}}